{"id":257,"date":"2024-07-31T21:28:07","date_gmt":"2024-07-31T19:28:07","guid":{"rendered":"https:\/\/adpf.dansemeaux.com\/?page_id=257"},"modified":"2025-08-09T16:38:05","modified_gmt":"2025-08-09T14:38:05","slug":"soren-mickelsen-2","status":"publish","type":"page","link":"https:\/\/adpf.dansemeaux.com\/index.php\/soren-mickelsen-2\/","title":{"rendered":"Soren MICKELSEN"},"content":{"rendered":"\n<p>Professeur de jazz dipl\u00f4m\u00e9 d&rsquo;\u00e9tat<\/p>\n\n\n<div class=\"wp-block-image is-style-rounded\">\n<figure class=\"alignleft size-large is-resized\"><img alt=\"\" loading=\"lazy\" decoding=\"async\" width=\"576\" height=\"1024\" src=\"http:\/\/adpf.dansemeaux.com\/wp-content\/uploads\/2025\/06\/WhatsApp-Image-2025-06-18-at-20.04.17-576x1024.jpeg\" alt=\"\" class=\"wp-image-484\" style=\"width:207px;height:auto\" srcset=\"https:\/\/adpf.dansemeaux.com\/wp-content\/uploads\/2025\/06\/WhatsApp-Image-2025-06-18-at-20.04.17-576x1024.jpeg 576w, https:\/\/adpf.dansemeaux.com\/wp-content\/uploads\/2025\/06\/WhatsApp-Image-2025-06-18-at-20.04.17-169x300.jpeg 169w, https:\/\/adpf.dansemeaux.com\/wp-content\/uploads\/2025\/06\/WhatsApp-Image-2025-06-18-at-20.04.17-768x1365.jpeg 768w, https:\/\/adpf.dansemeaux.com\/wp-content\/uploads\/2025\/06\/WhatsApp-Image-2025-06-18-at-20.04.17-864x1536.jpeg 864w, https:\/\/adpf.dansemeaux.com\/wp-content\/uploads\/2025\/06\/WhatsApp-Image-2025-06-18-at-20.04.17.jpeg 1152w\" sizes=\"auto, (max-width: 576px) 100vw, 576px\" \/><\/figure>\n<\/div>\n\n\n<p>Form\u00e9 aupr\u00e8s d\u2019 Isabelle Milia et Jean Philippe Milia, Soren continue sa formation \u00e0 l\u2019IFPRO (Institut de formation professionnelle Rick Odums) o\u00f9 il va avoir la chance de travailler des pi\u00e8ces chor\u00e9graphiques modernes et jazz, et du r\u00e9pertoire avec Bruce Taylor, Stefania Pavan, Rick Odums, Christelle Chinonis et d\u2019autres personnalit\u00e9s qui ont nourris son artistique et sa p\u00e9dagogie. <\/p>\n\n\n\n<p>Il aboutit sa formation p\u00e9dagogique \u00e0 L\u2019\u00e9cole Choreia, dans laquelle il affinera sa p\u00e9dagogie et son approche du mouvement aupr\u00e8s de personnalit\u00e9s comme Martine Curtat Cadet, Bernard Estrabaut, Bernard Kesh, Selin D\u00fcndar.<br><\/p>\n\n\n\n<p>Attach\u00e9 aux diff\u00e9rentes casquettes artistiques, il danse en tant qu\u2019interpr\u00e8te dans plusieurs compagnies (Jeune Ballet Rick Odums, Cie Cravos, Cie Avril en juillet, Choregrafimory, Ch\u0153urs des troph\u00e9es de la com\u00e9die musicale, Cabaret Edilson Show Paris, Cie Avril en juillet)<br><\/p>\n\n\n\n<p>Il cr\u00e9\u00e9 il y a 4 ans, la compagnie Corpus\u2026 reflet de ses envies et de ses \u00e9motions.<\/p>\n\n\n\n<p>Il attache avant tout une grande importance au contexte historique de ses pi\u00e8ces et aux \u00e9motions des interpr\u00e8tes, tout en liant une rythmicit\u00e9 et une technique solide. Ses cours et sa p\u00e9dagogie lient \u00e0 la fois plaisir, bienveillance, rigueur, technique et rythmicit\u00e9. Il se forme par la m\u00eame occasion aupr\u00e8s de grands noms de la danse classique comme Edward Arckless, Christelle Chinonis, Eufemio Pasanisi, avec qui il apprendra le contr\u00f4le et la virtuosit\u00e9 corporelle, dans une danse classique vivante et consciencieuse.<\/p>\n\n\n\n<p>Il int\u00e8gre l&rsquo;Acad\u00e9mie de Danse &#8211; Passion et Formation en septembre 2023<\/p>\n\n\n\n<p>Cr\u00e9dit photo : Studio Marteaux, Meaux (77)<\/p>\n","protected":false},"excerpt":{"rendered":"<p>Professeur de jazz dipl\u00f4m\u00e9 d&rsquo;\u00e9tat Form\u00e9 aupr\u00e8s d\u2019 Isabelle Milia et Jean Philippe Milia, Soren continue sa formation \u00e0 l\u2019IFPRO (Institut de formation professionnelle Rick Odums) o\u00f9 il va avoir la chance de travailler des pi\u00e8ces chor\u00e9graphiques modernes et jazz, et du r\u00e9pertoire avec Bruce Taylor, Stefania Pavan, Rick Odums, Christelle Chinonis et d\u2019autres personnalit\u00e9s [&hellip;]<\/p>\n","protected":false},"author":2,"featured_media":0,"parent":0,"menu_order":0,"comment_status":"closed","ping_status":"closed","template":"","meta":{"_seopress_robots_primary_cat":"","_seopress_titles_title":"","_seopress_titles_desc":"","_seopress_robots_index":"","footnotes":""},"class_list":["post-257","page","type-page","status-publish","hentry"],"_links":{"self":[{"href":"https:\/\/adpf.dansemeaux.com\/index.php\/wp-json\/wp\/v2\/pages\/257","targetHints":{"allow":["GET"]}}],"collection":[{"href":"https:\/\/adpf.dansemeaux.com\/index.php\/wp-json\/wp\/v2\/pages"}],"about":[{"href":"https:\/\/adpf.dansemeaux.com\/index.php\/wp-json\/wp\/v2\/types\/page"}],"author":[{"embeddable":true,"href":"https:\/\/adpf.dansemeaux.com\/index.php\/wp-json\/wp\/v2\/users\/2"}],"replies":[{"embeddable":true,"href":"https:\/\/adpf.dansemeaux.com\/index.php\/wp-json\/wp\/v2\/comments?post=257"}],"version-history":[{"count":7,"href":"https:\/\/adpf.dansemeaux.com\/index.php\/wp-json\/wp\/v2\/pages\/257\/revisions"}],"predecessor-version":[{"id":670,"href":"https:\/\/adpf.dansemeaux.com\/index.php\/wp-json\/wp\/v2\/pages\/257\/revisions\/670"}],"wp:attachment":[{"href":"https:\/\/adpf.dansemeaux.com\/index.php\/wp-json\/wp\/v2\/media?parent=257"}],"curies":[{"name":"wp","href":"https:\/\/api.w.org\/{rel}","templated":true}]}}